{"id":6155,"date":"2023-10-25T18:19:58","date_gmt":"2023-10-25T16:19:58","guid":{"rendered":"https:\/\/debug.dr-entrup.de\/preguntas-frecuentes\/"},"modified":"2024-06-24T09:12:26","modified_gmt":"2024-06-24T07:12:26","slug":"preguntas-frecuentes","status":"publish","type":"page","link":"https:\/\/www.dr-entrup.de\/es\/preguntas-frecuentes\/","title":{"rendered":"Preguntas frecuentes"},"content":{"rendered":"\n<section class = \"fdn-grid\">\n\t<div class = \"grid-container no-padding\">\n\t\t<div class = \"grid-x\">\n\t\t\t<div class=\"cell large-12 small-12 \">\n\t\t\t\t<div class =\"hero hero--background-gray text-center\">\n\t\t\t\t\t<img loading=\"lazy\" decoding=\"async\" width=\"1800\" height=\"1003\" src=\"https:\/\/www.dr-entrup.de\/wp-content\/uploads\/2024\/06\/Haufige-Fragen-FAQs-Fachpraxis-fur-umfassende-Kieferorthopadie-Dr.-Entrup-in-Hannover.jpeg\" class=\"image img-responsive-no-block\" alt=\"FAQs - Ha\u0308ufig gestellte Fragen zu Behandlungen in unserer Fachpraxis fu\u0308r Kieferorthopa\u0308die Hannover\" srcset=\"https:\/\/www.dr-entrup.de\/wp-content\/uploads\/2024\/06\/Haufige-Fragen-FAQs-Fachpraxis-fur-umfassende-Kieferorthopadie-Dr.-Entrup-in-Hannover.jpeg 1800w, https:\/\/www.dr-entrup.de\/wp-content\/uploads\/2024\/06\/Haufige-Fragen-FAQs-Fachpraxis-fur-umfassende-Kieferorthopadie-Dr.-Entrup-in-Hannover-300x167.jpeg 300w, https:\/\/www.dr-entrup.de\/wp-content\/uploads\/2024\/06\/Haufige-Fragen-FAQs-Fachpraxis-fur-umfassende-Kieferorthopadie-Dr.-Entrup-in-Hannover-1024x571.jpeg 1024w, https:\/\/www.dr-entrup.de\/wp-content\/uploads\/2024\/06\/Haufige-Fragen-FAQs-Fachpraxis-fur-umfassende-Kieferorthopadie-Dr.-Entrup-in-Hannover-768x428.jpeg 768w, https:\/\/www.dr-entrup.de\/wp-content\/uploads\/2024\/06\/Haufige-Fragen-FAQs-Fachpraxis-fur-umfassende-Kieferorthopadie-Dr.-Entrup-in-Hannover-1536x856.jpeg 1536w\" sizes=\"auto, (max-width: 1800px) 100vw, 1800px\" \/>\t\t\t\t<\/div>\n\t\t\t<\/div>\n\t\t<\/div>\n\t<\/div>\n<\/section>\n\n\n<style>\n\n    \/* Style the buttons that are used to open and close the accordion panel *\/\n    .accordion {\n        border-top: 1px #ccc solid !important;\n        border-bottom: 1px #ccc solid !important;\n         background-color: #fff;\n        color: var(--color-gray);\n        cursor: pointer;\n        padding: 18px;\n        width: 100%;\n        text-align: left;\n        \/* border: none;\n        outline: none;*\/\n        transition: 0.4s;\n        margin-bottom: 0;\n        border: none;\n        font-weight: bold;\n    }\n\n    \/* Add a background color to the button if it is clicked on (add the .active class with JS), and when you move the mouse over it (hover) *\/\n    .active, .accordion:hover,\n    \/**\/\n    button:focus {\n        background-color: var(--color-bordeaux);\n        background: var(--color-bordeaux);\n        color: #fff;\n        \/* border: none; *\/\n    }\n\n    \/* Style the accordion panel. Note: hidden by default *\/\n    .panel {\n        border: 1px #ccc solid !important;\n\n        padding: 10px 18px;\n        background-color: white;\n        display: none;\n        overflow: hidden;\n\n    }\n\n    .accordion:after {\n        font-family: FontAwesome;\n        content: '\\f055'; \/* Unicode character for \"plus\" sign (+) *\/\n        font-size: 1.4rem;\n        color: var(--color-bordeaux);\n        float: right;\n        margin-left: 5px;\n    }\n\n    .active:after {\n        font-family: FontAwesome;\n        content: \"\\f056\"; \/* Unicode character for \"minus\" sign (-) *\/\n        color: var(--color-white);\n        font-size: 1.4rem;\n    }\n\n<\/style>\n<section class = \"fdn-grid color-white-bg\">\n    <div class = \"p-top-mobile-50\"><\/div>\n\n\n    <div class = \"grid-container full-with-margin-10 no-padding\">\n\n        <div class = \"grid-x grid-padding-x\">\n\n            <div class = \"cell small-12 text-center\">\n                <div class=\" pl-50 pr-50 remove-padding-mobile pb-50\">\n\n                    <h2 class = \"heading  m-bottom-10 heading--text-center heading--medium heading--large color-bordeaux\">PREGUNTAS FRECUENTES: PREGUNTAS Y RESPUESTAS<\/h2>\n                    <h3 class = \"heading heading--regular m-bottom-10 heading--text-center color-bordeaux\">Preguntas frecuentes sobre nuestros tratamientos de ortodoncia en Hannover<\/h3>\n                    <span class = \"short-line-decoration short-line-decoration--centered color-primary-bg\"><\/span>\n\n\n                        <div class = \"p-top-mobile-50\"><\/div>\n\n                        \n\n                        <button class=\"accordion\">\u00bfHay que extraer los dientes permanentes durante el tratamiento de ortodoncia para conseguir un buen resultado?<\/button>\n                        <div class=\"panel acc-item\">\n\t\t\t\t\t\t\t<div class = \"paragraph \">\n\t\t\t\t\t\t<p style = \"text-align:left;\"><p>La extracci\u00f3n de dientes permanentes entra\u00f1a riesgos importantes para todo el organismo. Aunque hay raras excepciones que justifican la extracci\u00f3n, esto es muy, muy raro en nuestra pr\u00e1ctica. En estos raros casos, deben tomarse precauciones especiales de tratamiento para minimizar los riesgos mencionados.<\/p>\n<\/p>\n\t\t\t\t\t\t\t<\/div>\n                  \n                        <\/div>\n\n                        \n\n                        <button class=\"accordion\">\u00bfCu\u00e1ndo puede o debe iniciarse el tratamiento de ortodoncia?<\/button>\n                        <div class=\"panel acc-item\">\n\t\t\t\t\t\t\t<div class = \"paragraph \">\n\t\t\t\t\t\t<p style = \"text-align:left;\"><p>Esto no puede responderse en t\u00e9rminos generales, ya que el momento adecuado para el tratamiento depende en gran medida de la tarea de tratamiento. Empezamos los llamados tratamientos precoces como muy pronto a los 4 a\u00f1os. Para determinar el momento adecuado para tu hijo, te recomendamos que te pongas en contacto con nosotros para que podamos realizar una evaluaci\u00f3n individual para ti y tu hijo.<\/p>\n<\/p>\n\t\t\t\t\t\t\t<\/div>\n                  \n                        <\/div>\n\n                        \n\n                        <button class=\"accordion\">\u00bfHasta qu\u00e9 edad es posible o \u00fatil la ortodoncia?<\/button>\n                        <div class=\"panel acc-item\">\n\t\t\t\t\t\t\t<div class = \"paragraph \">\n\t\t\t\t\t\t<p style = \"text-align:left;\"><p>Nuestro paciente de m\u00e1s edad en Hannover ten\u00eda 76 a\u00f1os, es decir, no hay l\u00edmite superior de edad. En nuestra consulta de ortodoncia de Hannover, nos centramos en <a href=\"https:\/\/www.dr-entrup.de\/es\/invisalign\/\">m\u00e9todos de tratamiento invisibles<\/a>, incluido el tratamiento de pacientes con<a href=\"https:\/\/www.dr-entrup.de\/es\/dcm-disfuncion-craneomandibular\/\"> disfunci\u00f3n craneomandibular (DC<\/a>M). Esto significa que una elevada proporci\u00f3n de nuestros pacientes <a href=\"https:\/\/www.dr-entrup.de\/kieferorthopaedie-erwachsene\/\">son adultos<\/a>.<\/p>\n<\/p>\n\t\t\t\t\t\t\t<\/div>\n                  \n                        <\/div>\n\n                        \n\n                        <button class=\"accordion\">\u00bfLos aparatos fijos da\u00f1an los dientes?<\/button>\n                        <div class=\"panel acc-item\">\n\t\t\t\t\t\t\t<div class = \"paragraph \">\n\t\t\t\t\t\t<p style = \"text-align:left;\"><p>\u00a1Un no rotundo! Todo depende de la limpieza y el cuidado correctos y regulares de los dientes. Como parte de tu tratamiento de ortodoncia, recibir\u00e1s formaci\u00f3n profesional escrita y oral gratuita sobre el cuidado dental adecuado durante el tratamiento con brackets (aparato multibrackets) en nuestra consulta especializada.<\/p>\n<\/p>\n\t\t\t\t\t\t\t<\/div>\n                  \n                        <\/div>\n\n                        \n\n                        <button class=\"accordion\">\u00bfEst\u00e1 cubierto el tratamiento de ortodoncia por el seguro m\u00e9dico obligatorio?<\/button>\n                        <div class=\"panel acc-item\">\n\t\t\t\t\t\t\t<div class = \"paragraph \">\n\t\t\t\t\t\t<p style = \"text-align:left;\"><p>Las cajas de enfermedad obligatorias pagan el tratamiento b\u00e1sico de ortodoncia a ni\u00f1os y adolescentes hasta los 18 a\u00f1os (inicio del tratamiento) y a los adultos s\u00f3lo si existe una anomal\u00eda maxilar denominada grave que requiera cirug\u00eda ortod\u00f3ncica. No est\u00e1n cubiertos el tratamiento de las llamadas anomal\u00edas maxilares menores (grupos de indicaci\u00f3n ortod\u00f3ncica = KIG 1 o 2) ni servicios adicionales como diagn\u00f3stico funcional y terapia de las articulaciones temporomandibulares, servicios m\u00e9dicos complementarios como la acupuntura, procedimientos de tratamiento m\u00e1s complejos como la tecnolog\u00eda lingual, etc. Durante tu primera <a href=\"https:\/\/www.dr-entrup.de\/es\/asesoramiento\/\">consulta de ortodoncia<\/a>, recibir\u00e1s informaci\u00f3n detallada e individualizada sobre las opciones disponibles en relaci\u00f3n con los costes de tu tratamiento de ortodoncia. Se\u00f1alamos expresamente que los pacientes de los KIG 1 \u00f3 2 suelen tener graves problemas de salud en cuanto al <a href=\"https:\/\/www.dr-entrup.de\/es\/concepto-de-tratamiento\/\">concepto de tratamiento del equilibrio<\/a> debido a trastornos en el \u00e1rea dental, oral y maxilofacial. Por tanto, aconsejamos a todos los que tengan un seguro m\u00e9dico obligatorio que contraten un seguro complementario privado para s\u00ed mismos o para los ni\u00f1os a tratar (periodo de carencia de 8 meses) antes de la primera consulta de ortodoncia en nuestra consulta de Hannover. Antes de contratar el seguro, comprueba si el contrato prev\u00e9 la cobertura de las prestaciones por <a href=\"https:\/\/www.dr-entrup.de\/es\/tratamientos\/\">servicios de ortodoncia<\/a> aunque el seguro de enfermedad obligatorio no cubra los gastos debido a los grupos de indicaci\u00f3n de ortodoncia aplicables = KIG 1 o 2.<\/p>\n<p>V\u00e9ase tambi\u00e9n: <a class=\"ui-editor-link-external\" href=\"https:\/\/youtu.be\/rqqAVb2CF0s\" target=\"_blank\" rel=\"noopener\">https:\/\/youtu.be\/rqqAVb2CF0s<\/a><\/p>\n<\/p>\n\t\t\t\t\t\t\t<\/div>\n                  \n                        <\/div>\n\n                        \n\n                        <button class=\"accordion\">\u00bfEl seguro m\u00e9dico privado cubre el tratamiento de ortodoncia?<\/button>\n                        <div class=\"panel acc-item\">\n\t\t\t\t\t\t\t<div class = \"paragraph \">\n\t\t\t\t\t\t<p style = \"text-align:left;\"><p>En principio, s\u00ed, incluso sin l\u00edmite de edad. Sin embargo, hay tantas formas de tarifas diferentes en los seguros de enfermedad privados que la informaci\u00f3n precisa sobre el cumplimiento de tu contrato de seguro s\u00f3lo es posible tras un examen minucioso de los documentos contractuales. Por regla general, los seguros privados de enfermedad s\u00f3lo cubren el riesgo que se desconoc\u00eda al celebrar el contrato, sin recargos por riesgo, por lo que es aconsejable optimizar la cobertura de tu seguro antes de la primera consulta de ortodoncia. Ponte en contacto con nosotros, estaremos encantados de asesorarte. Recientemente, el comportamiento de reembolso de algunas aseguradoras privadas se ha deteriorado dr\u00e1sticamente. Con la ayuda de los llamados dentistas asesores, que desean permanecer en el anonimato y est\u00e1n al servicio de las compa\u00f1\u00edas de seguros, se realizan auditor\u00edas an\u00f3nimas de los costes de los planes de tratamiento, y se cuestiona total o parcialmente el tratamiento previsto y la asunci\u00f3n de los costes del tratamiento con argumentos profesionales dudosos, con el objetivo transparente de desestabilizar a los pacientes en su decisi\u00f3n de someterse al tratamiento y ahorrar costes de tratamiento. A este respecto, algunas aseguradoras, incluidas algunas muy conocidas, han atra\u00eddo una atenci\u00f3n muy negativa en detrimento de sus aseguradoras. Sin embargo, incluso en esos casos, los costes suelen poder cubrirse con la ayuda de expertos independientes.<\/p>\n<\/p>\n\t\t\t\t\t\t\t<\/div>\n                  \n                        <\/div>\n\n                        \n\n                        <button class=\"accordion\">\u00bfHay que ense\u00f1ar a los ni\u00f1os a dejar de chuparse el dedo lo antes posible?<\/button>\n                        <div class=\"panel acc-item\">\n\t\t\t\t\t\t\t<div class = \"paragraph \">\n\t\t\t\t\t\t<p style = \"text-align:left;\"><p>No, porque se trata de un problema complejo. Limitarse a dejar de succionar, por ejemplo prohibi\u00e9ndolo sin acompa\u00f1arlo de un tratamiento ortod\u00f3ncico, entra\u00f1a riesgos para la salud. Durante tu <a href=\"https:\/\/www.dr-entrup.de\/es\/asesoramiento\/\">consulta de ortodoncia<\/a>, estaremos encantados de explicarte las conexiones individuales y las soluciones alternativas y, sobre todo, m\u00e1s sostenibles.<\/p>\n<\/p>\n\t\t\t\t\t\t\t<\/div>\n                  \n                        <\/div>\n\n                        \n\n                        <button class=\"accordion\">\u00bfEs un buen aspecto est\u00e9tico de los dientes y los maxilares un signo de buena funci\u00f3n?<\/button>\n                        <div class=\"panel acc-item\">\n\t\t\t\t\t\t\t<div class = \"paragraph \">\n\t\t\t\t\t\t<p style = \"text-align:left;\"><p>Por desgracia, no siempre&#8230; Puede ocurrir (no pocas veces) lo contrario. Un examen odontol\u00f3gico especializado intensivo seg\u00fan el <a href=\"https:\/\/www.dr-entrup.de\/es\/concepto-de-tratamiento\/\">concepto de tratamiento Equilibrio<\/a> puede aportar claridad a este respecto. Sin embargo, a la inversa, un resultado de tratamiento seg\u00fan el concepto de tratamiento Equilibrio tiene el encanto de una est\u00e9tica natural, optimizada individualmente. No se basa en valores est\u00e1ndar, sino en el ajuste \u00f3ptimo de los circuitos funcionales. Esto permite conseguir al mismo tiempo una mejora funcional, incluso con tratamientos cuyo objetivo principal es mejorar la est\u00e9tica individual, pero sobre todo no provocar ning\u00fan inconveniente funcional indeseable en el marco de una <a href=\"https:\/\/www.dr-entrup.de\/es\/ortodoncia-estetica\/\">optimizaci\u00f3n est\u00e9tica<\/a>.<\/p>\n<\/p>\n\t\t\t\t\t\t\t<\/div>\n                  \n                        <\/div>\n\n                        \n\n                        <button class=\"accordion\">\u00bfCada diente torcido es un problema de salud?<\/button>\n                        <div class=\"panel acc-item\">\n\t\t\t\t\t\t\t<div class = \"paragraph \">\n\t\t\t\t\t\t<p style = \"text-align:left;\"><p>En principio no, pero debido a la gran importancia de los dientes para el sistema nervioso, casi toda desviaci\u00f3n de la posici\u00f3n \u00f3ptima provoca un ajuste perif\u00e9rico de los circuitos funcionales en el sentido de una igualaci\u00f3n est\u00e1tica, especialmente del sistema musculoesquel\u00e9tico superior, es decir, por regla general sobre todo de la columna cervical.<\/p>\n<p>V\u00e9ase tambi\u00e9n: <a class=\"ui-editor-link-external\" href=\"https:\/\/www.youtube.com\/watch?v=vDNH2pIZMEk\" target=\"_blank\" rel=\"noopener\">https:\/\/www.youtube.com\/watch?v=vDNH2pIZMEk<\/a><\/p>\n<\/p>\n\t\t\t\t\t\t\t<\/div>\n                  \n                        <\/div>\n\n                        \n\n                        <button class=\"accordion\">\u00bfLa articulaci\u00f3n temporomandibular no dolorosa pero que cruje o roza es un riesgo para la salud de todo el organismo?<\/button>\n                        <div class=\"panel acc-item\">\n\t\t\t\t\t\t\t<div class = \"paragraph \">\n\t\t\t\t\t\t<p style = \"text-align:left;\"><p>En la inmensa mayor\u00eda de los casos, se trata de una aut\u00e9ntica disfunci\u00f3n, que desgraciadamente todav\u00eda hoy se presenta de forma demasiado inofensiva en los c\u00edrculos especializados, ya que subjetivamente s\u00f3lo se producen peque\u00f1as molestias en la articulaci\u00f3n temporomandibular durante a\u00f1os. De hecho, suele ser una enfermedad con da\u00f1os graves, a veces irreversibles, para la salud del organismo en su conjunto.<\/p>\n<p>V\u00e9ase tambi\u00e9n: <a class=\"ui-editor-link-external\" href=\"https:\/\/youtu.be\/B9HDMLxNdKo\" target=\"_blank\" rel=\"noopener\">https:\/\/youtu.be\/B9HDMLxNdKo<\/a><\/p>\n<\/p>\n\t\t\t\t\t\t\t<\/div>\n                  \n                        <\/div>\n\n                        \n\n                        <button class=\"accordion\">\u00bfEl tratamiento con ortodoncia fija es perjudicial para mis enc\u00edas?<\/button>\n                        <div class=\"panel acc-item\">\n\t\t\t\t\t\t\t<div class = \"paragraph \">\n\t\t\t\t\t\t<p style = \"text-align:left;\"><p>\u00a1No! Sin embargo, puede haber condiciones nutricionales inadecuadas de los tejidos que causen da\u00f1os. Durante el tratamiento seg\u00fan el concepto de tratamiento Equilibrio, nos ocupamos de optimizar tu dieta para evitar esas carencias.<\/p>\n<\/p>\n\t\t\t\t\t\t\t<\/div>\n                  \n                        <\/div>\n\n                        \n\n                        <button class=\"accordion\">\u00bfEs compatible fumar con un tratamiento de ortodoncia?<\/button>\n                        <div class=\"panel acc-item\">\n\t\t\t\t\t\t\t<div class = \"paragraph \">\n\t\t\t\t\t\t<p style = \"text-align:left;\"><p>Las toxinas del humo (nicotina y sustancias alquitranadas) dificultan la actividad remodeladora de los tejidos. Pueden producirse da\u00f1os irreparables. Por tanto, lo mejor es aprovechar el tratamiento ortod\u00f3ncico como una oportunidad para, al menos, reducir el consumo de tabaco o, idealmente, dejar de fumar del todo. Podemos ayudarte en este sentido, por ejemplo, mediante la acupuntura auricular.<\/p>\n<\/p>\n\t\t\t\t\t\t\t<\/div>\n                  \n                        <\/div>\n\n                        \n\n                        <button class=\"accordion\">\u00bfPueden los aparatos fijos perjudicar la funci\u00f3n de los maxilares en cuanto a la buena funci\u00f3n de la columna vertebral?<\/button>\n                        <div class=\"panel acc-item\">\n\t\t\t\t\t\t\t<div class = \"paragraph \">\n\t\t\t\t\t\t<p style = \"text-align:left;\"><p>En principio, \u00a1s\u00ed! En el concepto de tratamiento Equilibrio, sin embargo, hacemos todo lo posible por eliminar este riesgo para obtener s\u00f3lo los principales beneficios de este dispositivo de tratamiento.<\/p>\n<\/p>\n\t\t\t\t\t\t\t<\/div>\n                  \n                        <\/div>\n\n                        \n\n                        <button class=\"accordion\">\u00bfPueden los aparatos removibles realizar igual de bien las tareas de los aparatos fijos?<\/button>\n                        <div class=\"panel acc-item\">\n\t\t\t\t\t\t\t<div class = \"paragraph \">\n\t\t\t\t\t\t<p style = \"text-align:left;\"><p>Los aparatos removibles y fijos tienen funciones diferentes y ambos son \u00fatiles para su tarea de tratamiento espec\u00edfica. Por regla general, no pueden sustituirse entre s\u00ed. Las ventajas e inconvenientes respectivos de los m\u00e9todos de tratamiento fijos y extra\u00edbles deben adaptarse al caso de cada paciente durante la consulta de ortodoncia en nuestra consulta especializada de Hannover. En principio, no debe excluirse ning\u00fan m\u00e9todo que corresponda al progreso ortod\u00f3ncico actual. Por tanto, el repertorio de nuestras opciones de tratamiento consta de m\u00e9todos invisibles y visibles, fijos y extra\u00edbles, y en la mayor\u00eda de los casos es posible elegir entre los distintos m\u00e9todos junto con nuestros pacientes.<\/p>\n<\/p>\n\t\t\t\t\t\t\t<\/div>\n                  \n                        <\/div>\n\n                        \n\n                        <button class=\"accordion\">\u00bfSe puede realizar casi cualquier tarea de tratamiento con el Bionator?<\/button>\n                        <div class=\"panel acc-item\">\n\t\t\t\t\t\t\t<div class = \"paragraph \">\n\t\t\t\t\t\t<p style = \"text-align:left;\"><p>El bionator es un buen aparato de tratamiento para aproximadamente el 20 % de las tareas de tratamiento ortod\u00f3ncico. Por desgracia, debido a su nombre \u00abBio\u00bb, es probable que se piense que el aparato es m\u00e1s eficaz biol\u00f3gicamente de lo que la forma de terapia puede conseguir en realidad. El Bionator es un buen aparato para determinadas tareas, nada m\u00e1s. Desde nuestra experiencia cl\u00ednica como consulta de ortodoncia hol\u00edstica, aconsejamos precauci\u00f3n si se va a utilizar como panacea, sobre todo en adultos.<\/p>\n<\/p>\n\t\t\t\t\t\t\t<\/div>\n                  \n                        <\/div>\n\n                        \n\n                        <button class=\"accordion\">\u00bfEl tratamiento con cors\u00e9 causa dolor?<\/button>\n                        <div class=\"panel acc-item\">\n\t\t\t\t\t\t\t<div class = \"paragraph \">\n\t\t\t\t\t\t<p style = \"text-align:left;\"><p>La verdad es que s\u00ed: En los primeros 3 a 7 d\u00edas tras la colocaci\u00f3n del aparato, puedes experimentar molestias o una sensaci\u00f3n de presi\u00f3n, que en casi todos los casos remitir\u00e1 por completo despu\u00e9s. La intensidad de estas molestias var\u00eda mucho en funci\u00f3n de la sensibilidad general del individuo. En los \u00faltimos a\u00f1os, la ortodoncia moderna ha hecho enormes progresos en cuanto a la reducci\u00f3n de la presi\u00f3n mediante el uso de fuerzas y materiales m\u00e1s biol\u00f3gicos, de modo que hoy en d\u00eda alrededor de la mitad de los pacientes ya no experimentan ninguna restricci\u00f3n.<\/p>\n<\/p>\n\t\t\t\t\t\t\t<\/div>\n                  \n                        <\/div>\n\n                        \n\n                        <button class=\"accordion\">\u00bfSon de esperar residuos o da\u00f1os en los dientes tras la retirada del aparato fijo?<\/button>\n                        <div class=\"panel acc-item\">\n\t\t\t\t\t\t\t<div class = \"paragraph \">\n\t\t\t\t\t\t<p style = \"text-align:left;\"><p>\u00a1Un no rotundo! Si se siguen las pautas de cuidado dental, no se aprecia ninguna diferencia a simple vista en comparaci\u00f3n con el diente no tratado. Muchos pacientes suponen que para fijar los brackets a los dientes, por ejemplo, hay que tallarlos. De hecho, los soportes se pegan y se despegan de la misma manera. Las diferencias que pueden detectarse mediante microscop\u00eda electr\u00f3nica tambi\u00e9n desaparecen al cabo de unas semanas debido a la remineralizaci\u00f3n de la saliva.<\/p>\n<\/p>\n\t\t\t\t\t\t\t<\/div>\n                  \n                        <\/div>\n\n                        \n\n                        <button class=\"accordion\">\u00bfC\u00f3mo se puede estabilizar y mantener el resultado del tratamiento despu\u00e9s del mismo? \u00bfQu\u00e9 tiene de especial nuestro Retenedor de Equilibrio patentado?  <\/button>\n                        <div class=\"panel acc-item\">\n\t\t\t\t\t\t\t<div class = \"paragraph \">\n\t\t\t\t\t\t<p style = \"text-align:left;\"><p>El mantenimiento a largo plazo del resultado del tratamiento es al menos tan importante como el tratamiento en s\u00ed. Por lo tanto, es importante encontrar formas biol\u00f3gicas de hacerlo que est\u00e9n tan libres de efectos secundarios como sea posible. Por eso hemos desarrollado el Retenedor de Equilibrio. M\u00e1s informaci\u00f3n: <a class=\"ui-editor-link-external\" href=\"https:\/\/www.dr-entrup.de\/behandlung\/kieferorthopaedie-hannover-langzeitstabilitaet\" target=\"_blank\" rel=\"noopener\">https:\/\/www.dr-entrup.de\/behandlung\/kieferorthopaedie-hannover-langzeitstabilitaet <\/a>y: <a class=\"ui-editor-link-external\" href=\"https:\/\/www.youtube.com\/watch?v=9qjBRbDsEhg\" target=\"_blank\" rel=\"noopener\">https: <\/a>\/\/www.youtube.com\/watch?v=9qjBRbDsEhg  <\/p>\n<\/p>\n\t\t\t\t\t\t\t<\/div>\n                  \n                        <\/div>\n\n                                       \n                <\/div>\n            <\/div>\n        <\/div>\n    <\/div>\n\n    <div class = \"p-top-mobile-50\"><\/div>\n\n<\/section>\n\n<script type='text\/javascript'>\n    var acc = document.getElementsByClassName(\"accordion\");\n    var panels = document.getElementsByClassName(\"acc-item\");\n    for (var i = 0; i < acc.length; i++) {\n        acc[i].addEventListener(\"click\", function() {\n            \/* Toggle between adding and removing the \"active\" class,\n            to highlight the button that controls the panel *\/\n            this.classList.toggle(\"active\");\n\n            \/* Toggle between hiding and showing the active panel *\/\n            var panel = this.nextElementSibling;\n\n            if (panel.style.display === \"block\") {\n                panel.style.display = \"none\";\n            } else {\n                panel.style.display = \"block\";\n            }\n        });\n    }\n\n<\/script>","protected":false},"excerpt":{"rendered":"","protected":false},"author":1,"featured_media":0,"parent":0,"menu_order":0,"comment_status":"closed","ping_status":"closed","template":"","meta":{"footnotes":""},"class_list":["post-6155","page","type-page","status-publish"],"acf":[],"yoast_head":"<!-- This site is optimized with the Yoast SEO plugin v26.6 - https:\/\/yoast.com\/wordpress\/plugins\/seo\/ -->\n<title>Preguntas frecuentes - Ortodoncia Dres. W. &amp; J. Entrup &amp; Dr. T. Altvater Hannover<\/title>\n<meta name=\"description\" content=\"FAQs - Preguntas y respuestas frecuentes: Consulta especializada en ortodoncia integral Dres. W. &amp; J. Entrup &amp; Dr. T. Altvater Hannover. \u00a1Inf\u00f3rmate ahora!\" \/>\n<meta name=\"robots\" content=\"index, follow, max-snippet:-1, max-image-preview:large, max-video-preview:-1\" \/>\n<link rel=\"canonical\" href=\"https:\/\/www.dr-entrup.de\/es\/preguntas-frecuentes\/\" \/>\n<meta property=\"og:locale\" content=\"en_US\" \/>\n<meta property=\"og:type\" content=\"article\" \/>\n<meta property=\"og:title\" content=\"Preguntas frecuentes - Ortodoncia Dres. W. &amp; J. Entrup &amp; Dr. T. Altvater Hannover\" \/>\n<meta property=\"og:description\" content=\"FAQs - Preguntas y respuestas frecuentes: Consulta especializada en ortodoncia integral Dres. W. &amp; J. Entrup &amp; Dr. T. Altvater Hannover. \u00a1Inf\u00f3rmate ahora!\" \/>\n<meta property=\"og:url\" content=\"https:\/\/www.dr-entrup.de\/es\/preguntas-frecuentes\/\" \/>\n<meta property=\"og:site_name\" content=\"BALANCE Fachpraxis f\u00fcr umfassende Kieferorthop\u00e4die Hannover Dr. Entrup\" \/>\n<meta property=\"article:modified_time\" content=\"2024-06-24T07:12:26+00:00\" \/>\n<meta name=\"twitter:card\" content=\"summary_large_image\" \/>\n<script type=\"application\/ld+json\" class=\"yoast-schema-graph\">{\"@context\":\"https:\/\/schema.org\",\"@graph\":[{\"@type\":\"WebPage\",\"@id\":\"https:\/\/www.dr-entrup.de\/es\/preguntas-frecuentes\/\",\"url\":\"https:\/\/www.dr-entrup.de\/es\/preguntas-frecuentes\/\",\"name\":\"Preguntas frecuentes - Ortodoncia Dres. W. & J. Entrup & Dr. T. Altvater Hannover\",\"isPartOf\":{\"@id\":\"https:\/\/www.dr-entrup.de\/es\/#website\"},\"datePublished\":\"2023-10-25T16:19:58+00:00\",\"dateModified\":\"2024-06-24T07:12:26+00:00\",\"description\":\"FAQs - Preguntas y respuestas frecuentes: Consulta especializada en ortodoncia integral Dres. W. & J. Entrup & Dr. T. Altvater Hannover. \u00a1Inf\u00f3rmate ahora!\",\"breadcrumb\":{\"@id\":\"https:\/\/www.dr-entrup.de\/es\/preguntas-frecuentes\/#breadcrumb\"},\"inLanguage\":\"en-DE\",\"potentialAction\":[{\"@type\":\"ReadAction\",\"target\":[\"https:\/\/www.dr-entrup.de\/es\/preguntas-frecuentes\/\"]}]},{\"@type\":\"BreadcrumbList\",\"@id\":\"https:\/\/www.dr-entrup.de\/es\/preguntas-frecuentes\/#breadcrumb\",\"itemListElement\":[{\"@type\":\"ListItem\",\"position\":1,\"name\":\"Home\",\"item\":\"https:\/\/www.dr-entrup.de\/es\/\"},{\"@type\":\"ListItem\",\"position\":2,\"name\":\"Preguntas frecuentes\"}]},{\"@type\":\"WebSite\",\"@id\":\"https:\/\/www.dr-entrup.de\/es\/#website\",\"url\":\"https:\/\/www.dr-entrup.de\/es\/\",\"name\":\"BALANCE Fachpraxis f\u00fcr umfassende Kieferorthop\u00e4die Hannover Dr. Entrup\",\"description\":\"BALANCE Fachpraxis f\u00fcr umfassende Kieferorthop\u00e4die Hannover Dr. Entrup\",\"publisher\":{\"@id\":\"https:\/\/www.dr-entrup.de\/es\/#organization\"},\"potentialAction\":[{\"@type\":\"SearchAction\",\"target\":{\"@type\":\"EntryPoint\",\"urlTemplate\":\"https:\/\/www.dr-entrup.de\/es\/?s={search_term_string}\"},\"query-input\":{\"@type\":\"PropertyValueSpecification\",\"valueRequired\":true,\"valueName\":\"search_term_string\"}}],\"inLanguage\":\"en-DE\"},{\"@type\":\"Organization\",\"@id\":\"https:\/\/www.dr-entrup.de\/es\/#organization\",\"name\":\"BALANCE Fachpraxis f\u00fcr umfassende Kieferorthop\u00e4die Hannover Dr. Entrup\",\"url\":\"https:\/\/www.dr-entrup.de\/es\/\",\"logo\":{\"@type\":\"ImageObject\",\"inLanguage\":\"en-DE\",\"@id\":\"https:\/\/www.dr-entrup.de\/es\/#\/schema\/logo\/image\/\",\"url\":\"https:\/\/www.dr-entrup.de\/wp-content\/uploads\/2023\/11\/logo-plus-subtext.png\",\"contentUrl\":\"https:\/\/www.dr-entrup.de\/wp-content\/uploads\/2023\/11\/logo-plus-subtext.png\",\"width\":302,\"height\":326,\"caption\":\"BALANCE Fachpraxis f\u00fcr umfassende Kieferorthop\u00e4die Hannover Dr. Entrup\"},\"image\":{\"@id\":\"https:\/\/www.dr-entrup.de\/es\/#\/schema\/logo\/image\/\"}}]}<\/script>\n<!-- \/ Yoast SEO plugin. -->","yoast_head_json":{"title":"Preguntas frecuentes - Ortodoncia Dres. W. & J. Entrup & Dr. T. Altvater Hannover","description":"FAQs - Preguntas y respuestas frecuentes: Consulta especializada en ortodoncia integral Dres. W. & J. Entrup & Dr. T. Altvater Hannover. \u00a1Inf\u00f3rmate ahora!","robots":{"index":"index","follow":"follow","max-snippet":"max-snippet:-1","max-image-preview":"max-image-preview:large","max-video-preview":"max-video-preview:-1"},"canonical":"https:\/\/www.dr-entrup.de\/es\/preguntas-frecuentes\/","og_locale":"en_US","og_type":"article","og_title":"Preguntas frecuentes - Ortodoncia Dres. W. & J. Entrup & Dr. T. Altvater Hannover","og_description":"FAQs - Preguntas y respuestas frecuentes: Consulta especializada en ortodoncia integral Dres. W. & J. Entrup & Dr. T. Altvater Hannover. \u00a1Inf\u00f3rmate ahora!","og_url":"https:\/\/www.dr-entrup.de\/es\/preguntas-frecuentes\/","og_site_name":"BALANCE Fachpraxis f\u00fcr umfassende Kieferorthop\u00e4die Hannover Dr. Entrup","article_modified_time":"2024-06-24T07:12:26+00:00","twitter_card":"summary_large_image","schema":{"@context":"https:\/\/schema.org","@graph":[{"@type":"WebPage","@id":"https:\/\/www.dr-entrup.de\/es\/preguntas-frecuentes\/","url":"https:\/\/www.dr-entrup.de\/es\/preguntas-frecuentes\/","name":"Preguntas frecuentes - Ortodoncia Dres. W. & J. Entrup & Dr. T. Altvater Hannover","isPartOf":{"@id":"https:\/\/www.dr-entrup.de\/es\/#website"},"datePublished":"2023-10-25T16:19:58+00:00","dateModified":"2024-06-24T07:12:26+00:00","description":"FAQs - Preguntas y respuestas frecuentes: Consulta especializada en ortodoncia integral Dres. W. & J. Entrup & Dr. T. Altvater Hannover. \u00a1Inf\u00f3rmate ahora!","breadcrumb":{"@id":"https:\/\/www.dr-entrup.de\/es\/preguntas-frecuentes\/#breadcrumb"},"inLanguage":"en-DE","potentialAction":[{"@type":"ReadAction","target":["https:\/\/www.dr-entrup.de\/es\/preguntas-frecuentes\/"]}]},{"@type":"BreadcrumbList","@id":"https:\/\/www.dr-entrup.de\/es\/preguntas-frecuentes\/#breadcrumb","itemListElement":[{"@type":"ListItem","position":1,"name":"Home","item":"https:\/\/www.dr-entrup.de\/es\/"},{"@type":"ListItem","position":2,"name":"Preguntas frecuentes"}]},{"@type":"WebSite","@id":"https:\/\/www.dr-entrup.de\/es\/#website","url":"https:\/\/www.dr-entrup.de\/es\/","name":"BALANCE Fachpraxis f\u00fcr umfassende Kieferorthop\u00e4die Hannover Dr. Entrup","description":"BALANCE Fachpraxis f\u00fcr umfassende Kieferorthop\u00e4die Hannover Dr. Entrup","publisher":{"@id":"https:\/\/www.dr-entrup.de\/es\/#organization"},"potentialAction":[{"@type":"SearchAction","target":{"@type":"EntryPoint","urlTemplate":"https:\/\/www.dr-entrup.de\/es\/?s={search_term_string}"},"query-input":{"@type":"PropertyValueSpecification","valueRequired":true,"valueName":"search_term_string"}}],"inLanguage":"en-DE"},{"@type":"Organization","@id":"https:\/\/www.dr-entrup.de\/es\/#organization","name":"BALANCE Fachpraxis f\u00fcr umfassende Kieferorthop\u00e4die Hannover Dr. Entrup","url":"https:\/\/www.dr-entrup.de\/es\/","logo":{"@type":"ImageObject","inLanguage":"en-DE","@id":"https:\/\/www.dr-entrup.de\/es\/#\/schema\/logo\/image\/","url":"https:\/\/www.dr-entrup.de\/wp-content\/uploads\/2023\/11\/logo-plus-subtext.png","contentUrl":"https:\/\/www.dr-entrup.de\/wp-content\/uploads\/2023\/11\/logo-plus-subtext.png","width":302,"height":326,"caption":"BALANCE Fachpraxis f\u00fcr umfassende Kieferorthop\u00e4die Hannover Dr. Entrup"},"image":{"@id":"https:\/\/www.dr-entrup.de\/es\/#\/schema\/logo\/image\/"}}]}},"_links":{"self":[{"href":"https:\/\/www.dr-entrup.de\/es\/wp-json\/wp\/v2\/pages\/6155","targetHints":{"allow":["GET"]}}],"collection":[{"href":"https:\/\/www.dr-entrup.de\/es\/wp-json\/wp\/v2\/pages"}],"about":[{"href":"https:\/\/www.dr-entrup.de\/es\/wp-json\/wp\/v2\/types\/page"}],"author":[{"embeddable":true,"href":"https:\/\/www.dr-entrup.de\/es\/wp-json\/wp\/v2\/users\/1"}],"replies":[{"embeddable":true,"href":"https:\/\/www.dr-entrup.de\/es\/wp-json\/wp\/v2\/comments?post=6155"}],"version-history":[{"count":1,"href":"https:\/\/www.dr-entrup.de\/es\/wp-json\/wp\/v2\/pages\/6155\/revisions"}],"predecessor-version":[{"id":6156,"href":"https:\/\/www.dr-entrup.de\/es\/wp-json\/wp\/v2\/pages\/6155\/revisions\/6156"}],"wp:attachment":[{"href":"https:\/\/www.dr-entrup.de\/es\/wp-json\/wp\/v2\/media?parent=6155"}],"curies":[{"name":"wp","href":"https:\/\/api.w.org\/{rel}","templated":true}]}}